{"id":137,"date":"2021-05-13T15:00:35","date_gmt":"2021-05-13T14:00:35","guid":{"rendered":"https:\/\/www.transportsbusquets.com\/en\/politica-de-privadesa\/"},"modified":"2021-05-13T15:00:35","modified_gmt":"2021-05-13T14:00:35","slug":"politica-de-privadesa","status":"publish","type":"page","link":"https:\/\/www.transportsbusquets.com\/en\/politica-de-privadesa\/","title":{"rendered":"Pol\u00edtica de privadesa"},"content":{"rendered":"\n<p>TRANSPORTS &amp; LOGISTICS BUSQUETS S.L. es compromet a protegir la privacitat dels usuaris que accedeixin a aquesta web i\/o qualsevol dels seus serveis. La utilitzaci\u00f3 de la web i\/o qualsevol dels serveis oferts per TRANSPORTS &amp; LOGISTICS BUSQUETS S.L., implica l\u2019acceptaci\u00f3 per part de l\u2019usuari de les disposicions contingudes en la present Pol\u00edtica de Privacitat i que les seves dades personals siguin tractats segons s\u2019estipula. Si us plau, tingui en compte que, encara que pugui haver-hi enlla\u00e7os de la nostra web a altres webs, aquesta Pol\u00edtica de Privacitat no s\u2019aplica a altres companyies o organitzacions a les quals la web estigui redirigida. TRANSPORTS &amp; LOGISTICS BUSQUETS S.L. controla el contingut de les webs de tercers ni accepta cap mena de responsabilitat pel contingut o les pol\u00edtiques de privacitat d\u2019aquests llocs web.<\/p>\n\n\n\n<p><strong>1) INFORMACI\u00d3 DEL TITULAR<\/strong><\/p>\n\n\n\n<p>En compliment de l\u2019article 10 de la Llei 34\/2002, d\u201911 de juliol, de Serveis de la Societat de la Informaci\u00f3 i Comer\u00e7 Electr\u00f2nic, a continuaci\u00f3, s\u2019exposen les dades identificatives del Titular:<\/p>\n\n\n\n<figure class=\"wp-block-table\"><table><tbody><tr><td>Web:<\/td><td>www.transportsbusquets.com<\/td><\/tr><tr><td>Titular:<\/td><td>TRANSPORTS &amp; LOGISTICS BUSQUETS S.L.<\/td><\/tr><tr><td>Domicili:<\/td><td>Ptge Aixada, 6 17800-OLOT<\/td><\/tr><tr><td>C.I.F.:<\/td><td>B55335244<\/td><\/tr><tr><td>Correu electr\u00f2nic:<\/td><td>info@transportsbusquets.com<\/td><\/tr><tr><td>Dades registrals:<\/td><td>TRANSPORTS &amp; LOGISTICS BUSQUETS S.L. Registre Mercantil de Girona al Tomo 3225, Diario 267, Folio 162, Asiento 635, Hoja GI-64640, Inscripci\u00f3n 1<\/td><\/tr><\/tbody><\/table><\/figure>\n\n\n\n<p><strong>2) LLEIS APLICABLES<\/strong><\/p>\n\n\n\n<p>La present pol\u00edtica de privacitat se secunda per a la seva confecci\u00f3 sobre la base de la normativa espanyola i europea vigent en mat\u00e8ria de protecci\u00f3 de dades personals en internet. En concret, la mateixa respecta les seg\u00fcents normes:<\/p>\n\n\n\n<p>\u2013 El Reglament (UE) 2016\/679 del Parlament Europeu i del Consell, de 27 d\u2019abril de 2016, relatiu a la protecci\u00f3 de les persones f\u00edsiques pel que fa al tractament de dades personals i a la lliure circulaci\u00f3 d\u2019aquestes dades (RGPD).<\/p>\n\n\n\n<p>\u2013 La Llei org\u00e0nica 3\/2018, de 5 de desembre, de Protecci\u00f3 de Dades Personals i garantia dels drets digitals (LOPD-*GDD).<\/p>\n\n\n\n<p>\u2013 La Llei 34\/2002, d\u201911 de juliol, de Serveis de la Societat de la Informaci\u00f3 i de Comer\u00e7 Electr\u00f2nic (LSSI-CE).<\/p>\n\n\n\n<p><strong>3) Q\u00dcESTIONS SOBRE PRIVACITAT<\/strong><\/p>\n\n\n\n<p>En compliment del Reglament (UE) 2016\/679 del Parlament Europeu i del Consell, de 27 d\u2019abril de 2016, (RGPD) i de la Llei org\u00e0nica 3\/2018, de 5 de desembre, de Protecci\u00f3 de Dades Personals i garantia de drets digitals, li oferim la seg\u00fcent informaci\u00f3 sobre el tractament de les dades personals que vost\u00e8 pugui facilitar-nos:<\/p>\n\n\n\n<p>Responsable del Fitxer:<\/p>\n\n\n\n<p>TRANSPORTS &amp; LOGISTICS BUSQUETS S.L.<\/p>\n\n\n\n<p>Les nostres dades es troben en la part superior d\u2019aquest av\u00eds legal.<\/p>\n\n\n\n<p><strong>Registre de Dades de Car\u00e0cter Personal<\/strong><\/p>\n\n\n\n<p>En compliment del que s\u2019estableix en el RGPD i la LOPD-GDD, l\u2019informem que les dades personals recaptades per TRANSPORTS &amp; LOGISTICS BUSQUETS S.L., mitjan\u00e7ant els formularis estesos en les seves p\u00e0gines quedaran incorporats i seran tractats en el nostre fitxer amb la finalitat de poder facilitar, agilitzar i complir els compromisos establerts entre TRANSPORTS &amp; LOGISTICS BUSQUETS S.L. i l\u2019Usuari o el manteniment de la relaci\u00f3 que s\u2019estableixi en els formularis que aquest empleni, o per a atendre una sol\u00b7licitud o consulta d\u2019aquest. Aix\u00ed mateix, de conformitat amb el que es preveu en el RGPD i la LOPD-GDD, tret que sigui aplicable l\u2019excepci\u00f3 prevista en l\u2019article 30.5 del RGPD, es mant\u00e9 un registre d\u2019activitats de tractament que especifica, segons les seves finalitats, les activitats de tractament dutes a terme i les altres circumst\u00e0ncies establertes en el RGPD.<\/p>\n\n\n\n<p><strong>Base Legal per al tractament<\/strong><\/p>\n\n\n\n<p>La base legal pel tractament de les dades personals \u00e9s el consentiment. TRANSPORTS &amp; LOGISTICS BUSQUETS S.L. es compromet a recaptar el consentiment expr\u00e9s i verificable de l\u2019Usuari per al tractament de les seves dades personals per a un o diversos fins espec\u00edfics.<\/p>\n\n\n\n<p>L\u2019Usuari tindr\u00e0 dret a retirar el seu consentiment en qualsevol moment. Ser\u00e0 tan f\u00e0cil retirar el consentiment com donar-lo. Com a regla general, la retirada del consentiment no condicionar\u00e0 l\u2019\u00fas del Lloc web.<\/p>\n\n\n\n<p>En les ocasions en les quals l\u2019Usuari degui o pugui facilitar les seves dades a trav\u00e9s de formularis per a realitzar consultes, sol\u00b7licitar informaci\u00f3 o per motius relacionats amb el contingut del Lloc web, se l\u2019informar\u00e0 en cas que l\u2019emplenament d\u2019algun d\u2019ells sigui obligat\u00f2ria pel fet que els mateixos siguin imprescindibles per al correcte desenvolupament de l\u2019operaci\u00f3 realitzada.<\/p>\n\n\n\n<p>Altres bases de legitimaci\u00f3:<\/p>\n\n\n\n<p>Compliment d\u2019obligacions legals.<\/p>\n\n\n\n<p>Inter\u00e9s leg\u00edtim: enviament de publicitat pr\u00f2pia.<\/p>\n\n\n\n<p><strong>Categories de dades<\/strong><\/p>\n\n\n\n<p>Les categories de dades que es tracten en TRANSPORTS &amp; LOGISTICS BUSQUETS S.L. s\u00f3n \u00fanicament dades identificatives. En cap cas, es tracten categories especials de dades personals en el sentit de l\u2019article 9 del RGPD.<\/p>\n\n\n\n<p><strong>Proced\u00e8ncia de les seves dades<\/strong><\/p>\n\n\n\n<p>Dades facilitades pels clients destinataris dels serveis, per qualsevol mitj\u00e0.<\/p>\n\n\n\n<p>Dades incloses en els formularis del lloc web.<\/p>\n\n\n\n<p>Dades recollides a trav\u00e9s de les galetes per millorar l\u2019experi\u00e8ncia de navegaci\u00f3 segons s\u2019informa a la pol\u00edtica de Galetes.<\/p>\n\n\n\n<p>Dades que recullen les galetes per realitzar an\u00e0lisis de perfils i d\u2019usabilitat per millorar l\u2019experi\u00e8ncia de l\u2019usuari en el nostre portal.<\/p>\n\n\n\n<p><strong>Per\u00edode de conservaci\u00f3 de les dades personals<\/strong><\/p>\n\n\n\n<p>Les dades personals nom\u00e9s seran retinguts durant el temps m\u00ednim necessari per als fins del seu tractament i, en tot cas, \u00fanicament durant el seg\u00fcent termini: Les dades personals proporcionades es conservaran durant el temps estrictament necessari. \u00c9s a dir, mentre sigui usuari dels nostres serveis o vulgui continuar rebent informaci\u00f3., o fins que l\u2019Usuari sol\u00b7liciti el seu dret de cancel\u00b7laci\u00f3 o oposici\u00f3, o limitaci\u00f3 al tractament. No obstant aix\u00f2, conservarem determinades dades personals identificatius i del tr\u00e0nsit durant el termini m\u00e0xim de 2 anys per al cas que fos requerit pels Jutges i Tribunals o per a incoar accions internes derivades de l\u2019\u00fas indegut de la p\u00e0gina web.<\/p>\n\n\n\n<p>En el moment en qu\u00e8 s\u2019obtinguin les dades personals, s\u2019informar\u00e0 l\u2019Usuari sobre el termini durant el qual es conservaran les dades personals o, quan aix\u00f2 no sigui possible, els criteris utilitzats per a determinar aquest termini.<\/p>\n\n\n\n<p>Aix\u00ed mateix, l\u2019informem que les nostres pol\u00edtiques de conservaci\u00f3 de la informaci\u00f3 s\u2019ajusten als terminis que marquen les diferents responsabilitats legals a l\u2019efecte de prescripci\u00f3:<\/p>\n\n\n\n<ol><li>a) Regla General:<\/li><\/ol>\n\n\n\n<p>En virtut del que s\u2019estableix en l\u2019article 30 del Codi de Comer\u00e7, i excepte altres criteris, tots els documents i\/o informaci\u00f3 de l\u2019empresa es conservar\u00e0 durant 6 anys.<\/p>\n\n\n\n<p>Aix\u00f2 afecta a tota la documentaci\u00f3 comptable, fiscal, laboral o mercantil, inclosa la correspond\u00e8ncia.<\/p>\n\n\n\n<ol><li>b) Terminis espec\u00edfics:<\/li><\/ol>\n\n\n\n<p>La nostra empresa tamb\u00e9 ha de marcar uns m\u00ednims terminis en funci\u00f3 de la tipologia de dades que es tracti i atesos els diferents terminis de prescripci\u00f3, que hauran de con\u00e8ixer cadascun dels departaments.<\/p>\n\n\n\n<p>No ser\u00e0 objecte de decisions basades en tractaments automatitzats que produeixin efectes sobre les seves dades.<\/p>\n\n\n\n<p><strong>Finalitats del tractament<\/strong><\/p>\n\n\n\n<p>Detallem a continuaci\u00f3 les finalitats dels tractaments de dades duts a terme:<\/p>\n\n\n\n<p>GESTION DE CLIENTS: Poder prestar els serveis contractats dins d\u2019activitat natural de cada empresa i facturar els mateixos. Les dades proporcionades es conservaran mentre es mantingui la relaci\u00f3 comercial o durant els anys necessaris per a complir amb les obligacions legals.<\/p>\n\n\n\n<p>GESTION DE POSSIBLES CLIENTS: Poder enviar a persones amb inter\u00e8s leg\u00edtim informaci\u00f3 relacionada amb els nostres productes i serveis per qualsevol mitj\u00e0 disponible, i convidar-los a esdeveniments del seu inter\u00e8s. Les dades proporcionades es conservaran mentre no sol\u00b7liciti el cessament d\u2019aquest tractament i seran recaptats previ consentiment expr\u00e9s.<\/p>\n\n\n\n<p>GESTION DE PROJECTES: Per a poder prestar correctament els serveis contractats, \u00e9s necessari el poder gestionar aquells projectes i documentacions necess\u00e0ries dins d\u2019aquests serveis. Les dades proporcionades es conservaran mentre es mantingui la relaci\u00f3 comercial o durant els anys necessaris per a complir amb les obligacions legals.<\/p>\n\n\n\n<p>DONAR RESPOSTA A CONSULTES: Si vost\u00e8 ens ha demanat informaci\u00f3 a partir d\u2019una acci\u00f3 expressa de petici\u00f3 d\u2019informaci\u00f3 mitjan\u00e7ant el nostre formulari, les dades que ens hagi facilitat seran utilitzades amb la finalitat de donar resposta a la consulta plantejada per vost\u00e8.<\/p>\n\n\n\n<p><strong>Destinataris de les dades<\/strong><\/p>\n\n\n\n<p>Les dades personals de l\u2019Usuari no seran compartits amb tercers.<\/p>\n\n\n\n<p>En qualsevol cas, en el moment en qu\u00e8 s\u2019obtinguin les dades personals, s\u2019informar\u00e0 l\u2019Usuari sobre els destinataris o les categories de destinataris de les dades personals.<\/p>\n\n\n\n<p><strong>Drets derivats del tractament de dades personals<\/strong><\/p>\n\n\n\n<p>L\u2019Usuari podr\u00e0 exercir enfront del Responsable del tractament els seg\u00fcents drets reconeguts en el RGPD i la Llei org\u00e0nica 3\/2018, de 5 de desembre, de Protecci\u00f3 de Dades Personals i garantia dels drets digitals:<\/p>\n\n\n\n<p>Dret d\u2019acc\u00e9s: \u00c9s el dret de l\u2019Usuari a obtenir confirmaci\u00f3 de si TRANSPORTS &amp; LOGISTICS BUSQUETS S.L. est\u00e0 tractant o no les seves dades personals i, en cas afirmatiu, obtenir informaci\u00f3 sobre les seves dades concretes de car\u00e0cter personal i del tractament que TRANSPORTS &amp; LOGISTICS BUSQUETS S.L. hagi realitzat o realitzi, aix\u00ed com, entre una altra, de la informaci\u00f3 disponible sobre l\u2019origen d\u2019aquestes dades i els destinataris de les comunicacions realitzades o previstes d\u2019aquests.<\/p>\n\n\n\n<p>Dret de rectificaci\u00f3: \u00c9s el dret de l\u2019Usuari al fet que es modifiquin les seves dades personals que resultin ser inexactes o, tenint en compte els fins del tractament, incomplets.<\/p>\n\n\n\n<p>Dret de supressi\u00f3 (\u201cel dret a l\u2019oblit\u201d): \u00c9s el dret de l\u2019Usuari, sempre que la legislaci\u00f3 vigent no estableixi el contrari, a obtenir la supressi\u00f3 de les seves dades personals quan aquests ja no siguin necessaris per als fins per als quals van ser recollits o tractats; l\u2019Usuari hagi retirat el seu consentiment al tractament i aquest no compti amb una altra base legal; l\u2019Usuari s\u2019oposi al tractament i no existeixi un altre motiu leg\u00edtim per a continuar amb aquest; les dades personals hagin estat tractats de manera il\u00b7l\u00edcita; les dades personals hagin de suprimir-se en compliment d\u2019una obligaci\u00f3 legal; o les dades personals hagin estat obtinguts producte d\u2019una oferta directa de serveis de la societat de la informaci\u00f3 a un menor de 14 anys. A m\u00e9s de suprimir les dades, el Responsable del tractament, tenint en compte la tecnologia disponible i el cost de la seva aplicaci\u00f3, haur\u00e0 d\u2019adoptar mesures raonables per a informar els responsables que estiguin tractant les dades personals de la sol\u00b7licitud de l\u2019interessat de supressi\u00f3 de qualsevol enlla\u00e7 a aquestes dades personals.<\/p>\n\n\n\n<p>Dret a la limitaci\u00f3 del tractament: \u00c9s el dret de l\u2019Usuari a limitar el tractament de les seves dades personals. L\u2019Usuari t\u00e9 dret a obtenir la limitaci\u00f3 del tractament quan impugni l\u2019exactitud de les seves dades personals; el tractament sigui il\u00b7l\u00edcit; el Responsable del tractament ja no necessiti les dades personals, per\u00f2 l\u2019Usuari el necessiti per a fer reclamacions; i quan l\u2019Usuari s\u2019hagi oposat al tractament.<\/p>\n\n\n\n<p>Dret a la portabilitat de les dades: En cas que el tractament s\u2019efectu\u00ef per mitjans automatitzats, l\u2019Usuari tindr\u00e0 dret a rebre del Responsable del tractament les seves dades personals en un format estructurat, d\u2019\u00fas com\u00fa i lectura mec\u00e0nica, i a transmetre\u2019ls a un altre responsable del tractament. Sempre que sigui t\u00e8cnicament possible, el Responsable del tractament transmetr\u00e0 directament les dades a aquest altre responsable.<\/p>\n\n\n\n<p>Dret d\u2019oposici\u00f3: \u00c9s el dret de l\u2019Usuari al fet que no es dugui a terme el tractament de les seves dades de car\u00e0cter personal o se cessi el tractament dels mateixos per part de TRANSPORTS &amp; LOGISTICS BUSQUETS S.L.<\/p>\n\n\n\n<p>Dret a no ser objecte d\u2019una decisi\u00f3 basada \u00fanicament en el tractament automatitzat, inclosa l\u2019elaboraci\u00f3 de perfils: \u00c9s el dret de l\u2019Usuari a no ser objecte d\u2019una decisi\u00f3 individualitzada basada \u00fanicament en el tractament automatitzat de les seves dades personals, inclosa l\u2019elaboraci\u00f3 de perfils, existent tret que la legislaci\u00f3 vigent estableixi el contrari.<\/p>\n\n\n\n<p>Finalment, els\/les interessats\/as tenen dret a presentar una reclamaci\u00f3 davant l\u2019Autoritat de Control competent (AEPD) en cas que l\u2019Usuari consideri que existeix un problema o infracci\u00f3 de la normativa vigent en la forma en la qual s\u2019estan tractant les seves dades personals.<\/p>\n\n\n\n<p>Pot exercir els drets anteriors enviant-nos un escrit adjuntant una c\u00f2pia d\u2019un document que l\u2019identifiqui al nostre domicili o correu electr\u00f2nic (que apareixen al principi del present text).<\/p>\n\n\n\n<p><strong>4) PRINCIPIS APLICABLES AL TRACTAMENT DE DADES PERSONALS<\/strong><\/p>\n\n\n\n<p>El tractament de les dades personals del client usuari se sotmetr\u00e0 als seg\u00fcents principis recollits en l\u2019art. 5 del RGPD i en l\u2019article 4 i seg\u00fcents de la LOPDGDD:<\/p>\n\n\n\n<p><strong>Principi de licitud, lleialtat i transpar\u00e8ncia:<\/strong><\/p>\n\n\n\n<p>Es requerir\u00e0 en tot moment el consentiment de l\u2019usuari pr\u00e8via informaci\u00f3 completament transparent dels fins per als quals es recullen les dades personals.<\/p>\n\n\n\n<p><strong>Principi de limitaci\u00f3 de la finalitat:<\/strong><\/p>\n\n\n\n<p>Les dades personals seran recollits amb finalitats determinats, expl\u00edcits i leg\u00edtims.<\/p>\n\n\n\n<p><strong>Principi de minimitzaci\u00f3 de dades:<\/strong><\/p>\n\n\n\n<p>Les dades personals recollits seran \u00fanicament els estrictament necessaris en relaci\u00f3 amb els fins per als quals s\u00f3n tractats.<\/p>\n\n\n\n<p><strong>Principi d\u2019exactitud:<\/strong><\/p>\n\n\n\n<p>Les dades personals han de ser exactes i estar sempre actualitzats.<\/p>\n\n\n\n<p><strong>Principi de limitaci\u00f3 del termini de conservaci\u00f3:<\/strong><\/p>\n\n\n\n<p>Les dades personals nom\u00e9s seran mantinguts de manera que es permeti la identificaci\u00f3 de l\u2019usuari durant el temps necessari per als fins del tractament.<\/p>\n\n\n\n<p><strong>Principi d\u2019integritat i confidencialitat:<\/strong><\/p>\n\n\n\n<p>Les dades personals seran tractats de manera que es garanteixi la seva seguretat i reserva.<\/p>\n\n\n\n<p><strong>Principi de responsabilitat proactiva:<\/strong><\/p>\n\n\n\n<p>El responsable del Lloc web mantindr\u00e0 i regular\u00e0 els mitjans t\u00e8cnics i log\u00edstics necessaris suficients perqu\u00e8 tots els principis aplicables al tractament es compleixin.<\/p>\n\n\n\n<p><strong>5) \u00bfQU\u00c9 MESURES DE SEGURETAT APLIQUEM?<\/strong><\/p>\n\n\n\n<p>Apliquem les mesures de seguretat establertes en l\u2019article 32 del RGPD, per tant, hem adoptat les mesures de seguretat necess\u00e0ries per a garantir un nivell de seguretat adequat al risc del tractament de les dades que realitzem, amb mecanismes que ens permeten garantir la confidencialitat, integritat, disponibilitat i resili\u00e8ncia permanent dels sistemes i serveis de tractament.<\/p>\n\n\n\n<p>Algunes d\u2019aquestes mesures s\u00f3n:<\/p>\n\n\n\n<p>\u2013 Informaci\u00f3 de les pol\u00edtiques de tractament de les dades al personal.<\/p>\n\n\n\n<p>\u2013 Realitzaci\u00f3 de c\u00f2pies de seguretat peri\u00f2diques.<\/p>\n\n\n\n<p>\u2013 Control d\u2019acc\u00e9s a les dades.<\/p>\n\n\n\n<p>\u2013 Processos de verificaci\u00f3, avaluaci\u00f3 i valoraci\u00f3 regulars.<\/p>\n\n\n\n<p><strong>6) SECRET I SEGURETAT DE LES DADES PERSONALS<\/strong><\/p>\n\n\n\n<p>TRANSPORTS &amp; LOGISTICS BUSQUETS S.L. es compromet a adoptar les mesures t\u00e8cniques i organitzatives necess\u00e0ries, segons el nivell de seguretat adequat al risc de les dades recollides, de manera que es garanteixi la seguretat de les dades de car\u00e0cter personal i s\u2019eviti la destrucci\u00f3, p\u00e8rdua o alteraci\u00f3 accidental o il\u00b7l\u00edcita de dades personals transmeses, conservats o tractats d\u2019una altra forma, o la comunicaci\u00f3 o acc\u00e9s no autoritzats a aquestes dades.<\/p>\n\n\n\n<p>El Lloc web compta amb un certificat SSL (Secure Socket Layer), que assegura que les dades personals es transmeten de manera segura i confidencial, a l\u2019\u00e9sser la transmissi\u00f3 de les dades entre el servidor i l\u2019Usuari, i en retroalimentaci\u00f3, totalment xifrada o encriptada.<\/p>\n\n\n\n<p>No obstant aix\u00f2, pel fet que TRANSPORTS &amp; LOGISTICS BUSQUETS S.L. no pot garantir la inexpugnabilitat d\u2019internet ni l\u2019abs\u00e8ncia total de hackers o altres que accedeixin de manera fraudulenta a les dades personals, el Responsable del tractament es compromet a comunicar a l\u2019Usuari sense dilaci\u00f3 indeguda quan ocorri una violaci\u00f3 de la seguretat de les dades personals que sigui probable que comporti un alt risc per als drets i llibertats de les persones f\u00edsiques. Seguint el que s\u2019estableix en l\u2019article 4 del RGPD, s\u2019ent\u00e9n per violaci\u00f3 de la seguretat de les dades personals tota violaci\u00f3 de la seguretat que ocasioni la destrucci\u00f3, p\u00e8rdua o alteraci\u00f3 accidental o il\u00b7l\u00edcita de dades personals transmeses, conservats o tractats d\u2019una altra forma, o la comunicaci\u00f3 o acc\u00e9s no autoritzats a aquestes dades.<\/p>\n\n\n\n<p>Les dades personals seran tractades com a confidencials pel Responsable del tractament, qui es compromet a informar de i a garantir per mitj\u00e0 d\u2019una obligaci\u00f3 legal o contractual que aquesta confidencialitat sigui respectada pels seus empleats, associats, i tota persona a la qual li faci accessible la informaci\u00f3.<\/p>\n\n\n\n<p><strong>7) ENLLA\u00c7OS A LLOCS WEB DE TERCERS<\/strong><\/p>\n\n\n\n<p>El Lloc web pot incloure enlla\u00e7os o enlla\u00e7os que permeten accedir a p\u00e0gines web de tercers diferents de TRANSPORTS &amp; LOGISTICS BUSQUETS S.L., i que per tant no s\u00f3n operats per TRANSPORTS &amp; LOGISTICS BUSQUETS S.L. Els titulars d\u2019aquests llocs web disposaran de les seves pr\u00f2pies pol\u00edtiques de protecci\u00f3 de dades, sent ells mateixos, en cada cas, responsables dels seus propis fitxers i de les seves pr\u00f2pies pr\u00e0ctiques de privacitat.<\/p>\n\n\n\n<p><strong>8) ACCEPTACI\u00d3 I CANVIS EN AQUESTA POL\u00cdTICA DE PRIVACITAT<\/strong><\/p>\n\n\n\n<p>\u00c9s necessari que l\u2019Usuari hagi llegit i estigui conforme amb les condicions sobre la protecci\u00f3 de dades de car\u00e0cter personal contingudes en aquesta Pol\u00edtica de Privacitat, aix\u00ed com que accepti el tractament de les seves dades personals perqu\u00e8 el Responsable del tractament pugui procedir al mateix en la forma, durant els terminis i per a les finalitats indicades. L\u2019\u00fas del Lloc web implicar\u00e0 l\u2019acceptaci\u00f3 de la Pol\u00edtica de Privacitat d\u2019aquest.<\/p>\n\n\n\n<p>TRANSPORTS &amp; LOGISTICS BUSQUETS S.L. es reserva el dret a modificar la seva Pol\u00edtica de Privacitat, d\u2019acord amb el seu propi criteri, o motivat per un canvi legislatiu, jurisprudencial o doctrinal de l\u2019Ag\u00e8ncia Espanyola de Protecci\u00f3 de Dades. Els canvis o actualitzacions d\u2019aquesta Pol\u00edtica de Privacitat no seran notificats de manera expl\u00edcita a l\u2019Usuari. Es recomana a l\u2019Usuari consultar aquesta p\u00e0gina de manera peri\u00f2dica per a estar al corrent dels \u00faltims canvis o actualitzacions.<\/p>\n","protected":false},"excerpt":{"rendered":"<p>TRANSPORTS &amp; LOGISTICS BUSQUETS S.L. es compromet a protegir la privacitat dels usuaris que accedeixin a aquesta web i\/o qualsevol dels seus serveis. La utilitzaci\u00f3 de<span class=\"excerpt-hellip\"> [\u2026]<\/span><\/p>\n","protected":false},"author":1,"featured_media":0,"parent":0,"menu_order":0,"comment_status":"closed","ping_status":"closed","template":"","meta":[],"_links":{"self":[{"href":"https:\/\/www.transportsbusquets.com\/en\/wp-json\/wp\/v2\/pages\/137"}],"collection":[{"href":"https:\/\/www.transportsbusquets.com\/en\/wp-json\/wp\/v2\/pages"}],"about":[{"href":"https:\/\/www.transportsbusquets.com\/en\/wp-json\/wp\/v2\/types\/page"}],"author":[{"embeddable":true,"href":"https:\/\/www.transportsbusquets.com\/en\/wp-json\/wp\/v2\/users\/1"}],"replies":[{"embeddable":true,"href":"https:\/\/www.transportsbusquets.com\/en\/wp-json\/wp\/v2\/comments?post=137"}],"version-history":[{"count":0,"href":"https:\/\/www.transportsbusquets.com\/en\/wp-json\/wp\/v2\/pages\/137\/revisions"}],"wp:attachment":[{"href":"https:\/\/www.transportsbusquets.com\/en\/wp-json\/wp\/v2\/media?parent=137"}],"curies":[{"name":"wp","href":"https:\/\/api.w.org\/{rel}","templated":true}]}}